{"id":11102,"date":"2024-08-02T18:57:29","date_gmt":"2024-08-02T16:57:29","guid":{"rendered":"https:\/\/wienernimmerland.at\/?page_id=11102"},"modified":"2026-03-07T00:10:46","modified_gmt":"2026-03-06T23:10:46","slug":"kinderschutzkonzept","status":"publish","type":"page","link":"https:\/\/wienernimmerland.at\/en\/kinderschutzkonzept\/","title":{"rendered":"child protection concept"},"content":{"rendered":"\n<div class=\"wp-block-stackable-columns stk-block-columns stk-block stk-662f743\" data-block-id=\"662f743\"><style>.stk-662f743-column{max-width:90% !important;min-width:auto !important;margin-right:auto !important;margin-left:auto !important;}@media screen and (max-width: 767px){.stk-662f743-column{max-width:90% !important;min-width:auto !important;}}<\/style><div class=\"stk-row stk-inner-blocks stk-block-content stk-content-align stk-662f743-column\">\n<div class=\"wp-block-stackable-column stk-block-column stk-column stk-block stk-28a4b44\" data-v=\"4\" data-block-id=\"28a4b44\"><style>.stk-28a4b44-inner-blocks{row-gap:12px !important;}.stk-28a4b44 {padding-top:5em !important;padding-right:1em !important;padding-bottom:1em !important;padding-left:1em !important;}@media screen and (max-width: 767px){.stk-28a4b44-container{margin-top:5px !important;margin-right:5px !important;margin-bottom:5px !important;margin-left:5px !important;}.stk-28a4b44-inner-blocks{row-gap:15px !important;}}<\/style><div class=\"stk-column-wrapper stk-block-column__content stk-container stk-28a4b44-container stk--no-background stk--no-padding\"><div class=\"stk-block-content stk-inner-blocks stk-28a4b44-inner-blocks\">\n<div class=\"wp-block-stackable-heading stk-block-heading stk-block-heading--v2 stk-block stk-3908aae\" id=\"kinderschutzkonzept-von-wiener-nimmerland\" data-block-id=\"3908aae\"><style>.stk-3908aae .stk-block-heading__bottom-line{width:30% !important;background-color:#000000 !important;margin-top:15px !important;}@media screen and (max-width: 767px){.stk-3908aae .stk-block-heading__text{font-size:2.5em !important;}}<\/style><h1 class=\"stk-block-heading__text\">Kinderschutzkonzept von Wiener Nimmerland<\/h1><div class=\"stk-block-heading__bottom-line\"><\/div><\/div>\n\n\n\n<nav class=\"wp-block-stackable-table-of-contents stk-block-table-of-contents stk-block stk-93c4382\" id=\"inhaltsverzeichnis-des-konzepts\" data-block-id=\"93c4382\"><style>.stk-93c4382 ul{list-style-type:none !important;}html{scroll-behavior:smooth !important;}.stk-93c4382 li, .stk-93c4382 ul li a, .stk-93c4382 ol li a{line-height:1.6em !important;}.stk-93c4382 {padding-top:2em !important;padding-right:2em !important;padding-bottom:2em !important;padding-left:2em !important;}@media screen and (max-width: 767px){.stk-93c4382 {padding-top:1.2em !important;padding-right:1.2em !important;padding-bottom:1.2em !important;padding-left:1.2em !important;}}<\/style><ul class=\"stk-table-of-contents__table\"><li><a href=\"#einleitung\">1.Einleitung<\/a><ul><li><a href=\"#1-1-definition-von-gewalt-an-kindern-und-jugendlichen\">1.1 Definition von Gewalt an Kindern und Jugendlichen<\/a><\/li><li><a href=\"#1-2-rechtlicher-rahmen\">1.2 Rechtlicher Rahmen<\/a><\/li><\/ul><\/li><li><a href=\"#2-definition-des-unternehmens\">2. Definition des Unternehmens<\/a><ul><li><a href=\"#2-1-angebot\">2.1 Angebot<\/a><\/li><li><a href=\"#2-2-zielgruppe\">2.2 Zielgruppe<\/a><\/li><\/ul><\/li><li><a href=\"#3-risikoanalyse\">3. Risikoanalyse<\/a><ul><li><a href=\"#3-1-interaktionen-und-potenzielle-risiken\">3.1 Interaktionen und potenzielle Risiken<\/a><\/li><li><a href=\"#3-2-raumlichkeiten-und-infrastruktur\">3.2 R\u00e4umlichkeiten und Infrastruktur<\/a><\/li><\/ul><\/li><li><a href=\"#4-praventionsmassnahmen\">4. Pr\u00e4ventionsma\u00dfnahmen<\/a><ul><li><a href=\"#4-1-einstellungskriterien-und-prozess-fur-neue-mitarbeitende\">4.1 Einstellungskriterien und -prozess f\u00fcr neue Mitarbeitende<\/a><\/li><li><a href=\"#4-2-strafregisterbescheinigung\">4.2 Strafregisterbescheinigung<\/a><\/li><li><a href=\"#4-3-verhaltenskodex\">4.3 Verhaltenskodex<\/a><\/li><li><a href=\"#4-4-sensibilisierung-und-schulung\">4.4 Sensibilisierung und Schulung<\/a><\/li><li><a href=\"#4-5-transparentes-fallmanagement\">4.5 Transparentes Fallmanagement<\/a><\/li><li><a href=\"#4-6-niederschwellige-beschwerde-melde-moglichkeit\">4.6 Niederschwellige Beschwerde\/Melde-M\u00f6glichkeit<\/a><\/li><li><a href=\"#4-7-richtlinien-fur-offentlichkeits-und-medienarbeit\">4.7 Richtlinien f\u00fcr \u00d6ffentlichkeits- und Medienarbeit<\/a><\/li><li><a href=\"#4-8-benennung-einer-kinderschutzbeauftragten\">4.8 Benennung einer Kinderschutzbeauftragten<\/a><\/li><\/ul><\/li><li><a href=\"#5-fallmanagement-system-meldung-anzeige-und-verfolgung-von-verdachtsfallen\">5. Fallmanagement-System Meldung, Anzeige und Verfolgung von Verdachtsf\u00e4llen<\/a><\/li><li><a href=\"#6-dokumentation-amp-monitoring\">6. Dokumentation &amp; Monitoring<\/a><\/li><li><a href=\"#7-evaluierung\">7. Evaluierung<\/a><\/li><li><a href=\"#8-entwicklung-amp-bekanntmachung\">8. Entwicklung &amp; Bekanntmachung<\/a><\/li><li><a href=\"#9-kinderschutzbeauftragte\">9. Kinderschutzbeauftragte<\/a><\/li><li><a href=\"#anhang\">Anhang<\/a><ul><\/ul><\/li><\/ul><\/nav>\n\n\n\n<div class=\"wp-block-stackable-heading stk-block-heading stk-block-heading--v2 stk-block stk-0da199d anchorheading\" id=\"einleitung\" data-block-id=\"0da199d\"><h2 class=\"stk-block-heading__text\">1.Einleitung<\/h2><\/div>\n\n\n\n<div class=\"wp-block-stackable-text stk-block-text stk-block stk-1216e51\" data-block-id=\"1216e51\"><p class=\"stk-block-text__text has-text-align-justify\">Wiener Nimmerland bekennt sich klar zum Schutz der Kinder und Jugendlichen, die an unseren Touren und Vortr\u00e4gen teilnehmen. Unsere Ma\u00dfnahmen zielen darauf ab, potenzielle Risiken zu minimieren und eine sichere Umgebung f\u00fcr alle Teilnehmer zu schaffen. Dabei legen wir besonderen Wert auf Pr\u00e4vention, klare Verhaltensrichtlinien und transparente Meldeverfahren.<\/p><\/div>\n\n\n\n<div class=\"wp-block-stackable-heading stk-block-heading stk-block-heading--v2 stk-block stk-01010ef anchorheading\" id=\"1-1-definition-von-gewalt-an-kindern-und-jugendlichen\" data-block-id=\"01010ef\"><h3 class=\"stk-block-heading__text\">1.1 Definition von Gewalt an Kindern und Jugendlichen<\/h3><\/div>\n\n\n\n<div class=\"wp-block-stackable-text stk-block-text stk-block stk-4308888\" data-block-id=\"4308888\"><p class=\"stk-block-text__text has-text-align-justify\">Gewalt an Kindern und Jugendlichen umfasst physische, psychische und sexuelle Gewalt sowie Vernachl\u00e4ssigung. Wir achten darauf, dass alle Mitarbeitenden die individuellen Grenzen der Jugendlichen respektieren und keinerlei Form von Gewalt tolerieren. Sie kann durch Einzelpersonen oder Gruppen ausge\u00fcbt werden und schlie\u00dft auch strukturelle und institutionelle Gewalt mit ein.&nbsp;<\/p><\/div>\n\n\n\n<div class=\"wp-block-stackable-heading stk-block-heading stk-block-heading--v2 stk-block stk-ee3e2bc anchorheading\" id=\"1-2-rechtlicher-rahmen\" data-block-id=\"ee3e2bc\"><h3 class=\"stk-block-heading__text\">1.2 Rechtlicher Rahmen<\/h3><\/div>\n\n\n\n<div class=\"wp-block-stackable-text stk-block-text stk-block stk-5fc3cf4\" data-block-id=\"5fc3cf4\"><p class=\"stk-block-text__text has-text-align-justify\">Unsere Ma\u00dfnahmen basieren auf den gesetzlichen Rahmenbedingungen f\u00fcr Kinderrechte und Kinderschutz in \u00d6sterreich. Wir orientieren uns au\u00dferdem an internationalen Standards wie KCS, den Richtlinien von Eurochild, den Richtlinien der Kindernothilfe, und anderen relevanten nationalen und internationalen Richtlinien.<\/p><\/div>\n\n\n\n<div class=\"wp-block-stackable-heading stk-block-heading stk-block-heading--v2 stk-block stk-e87803b anchorheading\" id=\"2-definition-des-unternehmens\" data-block-id=\"e87803b\"><h2 class=\"stk-block-heading__text\">2. Definition des Unternehmens<\/h2><\/div>\n\n\n\n<div class=\"wp-block-stackable-text stk-block-text stk-block stk-978b64e\" data-block-id=\"978b64e\"><p class=\"stk-block-text__text has-text-align-justify\">Wiener Nimmerland ist ein Kleinunternehmen, das alternative Stadtf\u00fchrungen zu den Themen Obdachlosigkeit und Sucht anbietet. Unser Team besteht aus Martin und Nico (Tourguides\/Vortragende) sowie Nadine (B\u00fcro &amp; Organisation, Kinderschutzbeauftragte).<\/p><\/div>\n\n\n\n<div class=\"wp-block-stackable-heading stk-block-heading stk-block-heading--v2 stk-block stk-de61d21 anchorheading\" id=\"2-1-angebot\" data-block-id=\"de61d21\"><h3 class=\"stk-block-heading__text\">2.1 Angebot<\/h3><\/div>\n\n\n\n<div class=\"wp-block-stackable-text stk-block-text stk-block stk-75aa7f5\" data-block-id=\"75aa7f5\"><p class=\"stk-block-text__text has-text-align-justify\">Die Tourguides haben eigene Erfahrungen mit Obdachlosigkeit und Sucht gemacht und geben ihr Wissen bei Touren und Vortr\u00e4gen weiter. Jeder Tourguide hat eine individuelle Tour, die auf seiner Lebensgeschichte basiert. W\u00e4hrend Nicos Tour das \u00dcberleben als obdachloser Jugendlicher thematisiert, zeigt Martins Tour die langfristigen Folgen von Sucht.<br>Die Dauer betr\u00e4gt jeweils ca. 2 Stunden.<\/p><\/div>\n\n\n\n<div class=\"wp-block-stackable-heading stk-block-heading stk-block-heading--v2 stk-block stk-086ad8a anchorheading\" id=\"2-2-zielgruppe\" data-block-id=\"086ad8a\"><h3 class=\"stk-block-heading__text\">2.2 Zielgruppe<\/h3><\/div>\n\n\n\n<div class=\"wp-block-stackable-text stk-block-text stk-block stk-28dfb10\" data-block-id=\"28dfb10\"><p class=\"stk-block-text__text has-text-align-justify\">Unsere Vortr\u00e4ge sind f\u00fcr Schulklassen, Jugendgruppen und Studenten konzipiert, wobei das Mindestalter der Teilnehmer 14 Jahre betr\u00e4gt. Unsere Touren richten sich ebenfalls an Erwachsene, wobei das Mindestalter der Teilnehmer 14 Jahre betr\u00e4gt.<\/p><\/div>\n\n\n\n<div class=\"wp-block-stackable-heading stk-block-heading stk-block-heading--v2 stk-block stk-130a984 anchorheading\" id=\"3-risikoanalyse\" data-block-id=\"130a984\"><h2 class=\"stk-block-heading__text\">3. Risikoanalyse<\/h2><\/div>\n\n\n\n<div class=\"wp-block-stackable-heading stk-block-heading stk-block-heading--v2 stk-block stk-ba9693a anchorheading\" id=\"3-1-interaktionen-und-potenzielle-risiken\" data-block-id=\"ba9693a\"><h3 class=\"stk-block-heading__text\">3.1 Interaktionen und potenzielle Risiken<\/h3><\/div>\n\n\n\n<div class=\"wp-block-stackable-text stk-block-text stk-block stk-f1d3f34\" data-block-id=\"f1d3f34\"><p class=\"stk-block-text__text has-text-align-justify\">Es gibt Situationen, in denen Sch\u00fcler abseits der Gruppe mit den Tourguides\/Vortragenden allein sprechen und pers\u00f6nliche Fragen an die Tourguides stellen m\u00f6chten, insbesondere nach der Tour oder zwischen den Stationen. Hierbei ist wichtig, dass solche Gespr\u00e4che immer in Sichtweite der restlichen Teilnehmer oder eines Lehrerers stattfinden. Die offene Kommunikation \u00fcber schwierige Erlebnisse spielt in unserer Arbeit eine zentrale Rolle. Unsere Vortragenden teilen pers\u00f6nliche Geschichten und Erfahrungen, die einige Jugendliche ansprechen und ihnen helfen, sich verstanden und weniger allein zu f\u00fchlen. Diese Vertrauensbasis f\u00f6rdert das \u00d6ffnen und den Austausch, wodurch es dazu kommt, dass sich Sch\u00fcler nach dem Vortrag oder w\u00e4hrend der Tour dem Vortragenden gegen\u00fcber \u00f6ffnen und z.B. von ihren Suchterfahrungen oder anderen schwierigen Erlebnissen erz\u00e4hlen. Es ist wichtig, dass die Mitarbeitenden auf solche Situationen vorbereitet sind und wissen, wie sie angemessen reagieren k\u00f6nnen, sodass sie keinesfalls \u00fcberfordert sind, insbesondere da unsere Tourguides h\u00f6chstwahrscheinlich keine Vorerfahrungen in der Arbeit mit Jugendlichen haben.<\/p><\/div>\n\n\n\n<div class=\"wp-block-stackable-heading stk-block-heading stk-block-heading--v2 stk-block stk-e6dc1e1 anchorheading\" id=\"3-2-raumlichkeiten-und-infrastruktur\" data-block-id=\"e6dc1e1\"><h3 class=\"stk-block-heading__text\">3.2 R\u00e4umlichkeiten und Infrastruktur<\/h3><\/div>\n\n\n\n<div class=\"wp-block-stackable-icon-list stk-block-icon-list stk-block stk-d34138a\" data-block-id=\"d34138a\"><style>.stk-d34138a ul, .stk-d34138a ol{padding-left:5px !important;}.stk-d34138a .stk-block-icon-list-item__content{align-items:baseline !important;}.stk-d34138a ul .stk-block-icon-list-item__content .stk--inner-svg, .stk-d34138a ol .stk-block-icon-list-item__content .stk-block-icon-list-item__marker{transform:translateY(2px) !important;}<\/style><svg style=\"display:none\"><defs><g id=\"stk-icon-list__icon-svg-def-d34138a\"><svg xmlns=\"http:\/\/www.w3.org\/2000\/svg\" viewBox=\"0 0 512 512\"><path d=\"M470.6 278.6c12.5-12.5 12.5-32.8 0-45.3l-160-160c-12.5-12.5-32.8-12.5-45.3 0s-12.5 32.8 0 45.3L402.7 256 265.4 393.4c-12.5 12.5-12.5 32.8 0 45.3s32.8 12.5 45.3 0l160-160zm-352 160l160-160c12.5-12.5 12.5-32.8 0-45.3l-160-160c-12.5-12.5-32.8-12.5-45.3 0s-12.5 32.8 0 45.3L210.7 256 73.4 393.4c-12.5 12.5-12.5 32.8 0 45.3s32.8 12.5 45.3 0z\"\/><\/svg><\/g><\/defs><\/svg><ul class=\"stk-block-icon-list__ul stk-block-icon-list--column\">\n<li class=\"wp-block-stackable-icon-list-item stk-block-icon-list-item stk-block stk-acb8e27\" data-block-id=\"acb8e27\"><div class=\"stk-block-icon-list-item__content\"><span class=\"stk--svg-wrapper\"><div class=\"stk--inner-svg\"><svg aria-hidden=\"true\" width=\"32\" height=\"32\"><use xlink:href=\"#stk-icon-list__icon-svg-def-d34138a\"><\/use><\/svg><\/div><\/span><span class=\"stk-block-icon-list-item__text\">Touren: Im Freien, die Gruppe ist immer in Begleitung eines Lehrers.<\/span><\/div><\/li>\n\n\n\n<li class=\"wp-block-stackable-icon-list-item stk-block-icon-list-item stk-block stk-b99636f\" data-block-id=\"b99636f\"><div class=\"stk-block-icon-list-item__content\"><span class=\"stk--svg-wrapper\"><div class=\"stk--inner-svg\"><svg aria-hidden=\"true\" width=\"32\" height=\"32\"><use xlink:href=\"#stk-icon-list__icon-svg-def-d34138a\"><\/use><\/svg><\/div><\/span><span class=\"stk-block-icon-list-item__text\">Vortr\u00e4ge: An den Schulen in Klassenzimmern, Fests\u00e4len oder gr\u00f6\u00dferen R\u00e4umen. Keine privaten R\u00e4umlichkeiten. Sicherheit ist durch die Schulen gew\u00e4hrleistet. Es ist immer ein Lehrer anwesend.<\/span><\/div><\/li>\n<\/ul><\/div>\n\n\n\n<div class=\"wp-block-stackable-heading stk-block-heading stk-block-heading--v2 stk-block stk-1366fd8 anchorheading\" id=\"4-praventionsmassnahmen\" data-block-id=\"1366fd8\"><h2 class=\"stk-block-heading__text\">4. Pr\u00e4ventionsma\u00dfnahmen<\/h2><\/div>\n\n\n\n<div class=\"wp-block-stackable-heading stk-block-heading stk-block-heading--v2 stk-block stk-53119fe anchorheading\" id=\"4-1-einstellungskriterien-und-prozess-fur-neue-mitarbeitende\" data-block-id=\"53119fe\"><h3 class=\"stk-block-heading__text\">4.1 Einstellungskriterien und -prozess f\u00fcr neue Mitarbeitende<\/h3><\/div>\n\n\n\n<div class=\"wp-block-stackable-text stk-block-text stk-block stk-41b60fe\" data-block-id=\"41b60fe\"><p class=\"stk-block-text__text has-text-align-justify\">Alle neuen Tourguides\/Vortragenden werden sorgf\u00e4ltig ausgew\u00e4hlt und gr\u00fcndlich \u00fcberpr\u00fcft. Da sie von ihren schwierigen Lebenserfahrungen berichten \u2013 wie einem Leben auf der Stra\u00dfe oder jahrelanger Sucht \u2013 legen wir besonderen Wert darauf, dass die Bewerber eine stabile Lebenssituation erreicht haben und ihre Vergangenheit bew\u00e4ltigt haben. Um diese Stabilit\u00e4t sicherzustellen, durchlaufen sie einen Einstellungsprozess:<\/p><\/div>\n\n\n\n<div class=\"wp-block-stackable-icon-list stk-block-icon-list stk-block stk-bfc44e2\" data-block-id=\"bfc44e2\"><ol class=\"stk-block-icon-list__ol stk-block-icon-list--column\">\n<li class=\"wp-block-stackable-icon-list-item stk-block-icon-list-item stk-block stk-54b0ec0\" data-block-id=\"54b0ec0\"><div class=\"stk-block-icon-list-item__content\"><span class=\"stk-block-icon-list-item__marker\" aria-hidden=\"true\"><\/span><span class=\"stk-block-icon-list-item__text\">Tourteilnahme des Bewerbers<\/span><\/div><\/li>\n\n\n\n<li class=\"wp-block-stackable-icon-list-item stk-block-icon-list-item stk-block stk-ff0f8f1\" data-block-id=\"ff0f8f1\"><div class=\"stk-block-icon-list-item__content\"><span class=\"stk-block-icon-list-item__marker\" aria-hidden=\"true\"><\/span><span class=\"stk-block-icon-list-item__text\">informelles Gespr\u00e4ch<\/span><\/div><\/li>\n\n\n\n<li class=\"wp-block-stackable-icon-list-item stk-block-icon-list-item stk-block stk-8e1bcd9\" data-block-id=\"8e1bcd9\"><div class=\"stk-block-icon-list-item__content\"><span class=\"stk-block-icon-list-item__marker\" aria-hidden=\"true\"><\/span><span class=\"stk-block-icon-list-item__text\">formelles Vorstellungsgespr\u00e4ch<\/span><\/div><\/li>\n\n\n\n<li class=\"wp-block-stackable-icon-list-item stk-block-icon-list-item stk-block stk-d033e24\" data-block-id=\"d033e24\"><div class=\"stk-block-icon-list-item__content\"><span class=\"stk-block-icon-list-item__marker\" aria-hidden=\"true\"><\/span><span class=\"stk-block-icon-list-item__text\">\u00dcberpr\u00fcfung des Bewerbers<\/span><\/div><\/li>\n\n\n\n<li class=\"wp-block-stackable-icon-list-item stk-block-icon-list-item stk-block stk-614f2a2\" data-block-id=\"614f2a2\"><div class=\"stk-block-icon-list-item__content\"><span class=\"stk-block-icon-list-item__marker\" aria-hidden=\"true\"><\/span><span class=\"stk-block-icon-list-item__text\">Probezeit<\/span><\/div><\/li>\n<\/ol><\/div>\n\n\n\n<div class=\"wp-block-stackable-text stk-block-text stk-block stk-d1f2565\" data-block-id=\"d1f2565\"><p class=\"stk-block-text__text has-text-align-justify\">Bereits beim Vorstellungsgespr\u00e4ch wird auf das Schutzkonzept und den Verhaltenskodex hingewiesen und die Haltung des Bewerbers zu Gewalt an sich (und speziell an Kindern und Jugendlichen) angesprochen.<\/p><\/div>\n\n\n\n<div class=\"wp-block-stackable-heading stk-block-heading stk-block-heading--v2 stk-block stk-dbe6036 anchorheading\" id=\"4-2-strafregisterbescheinigung\" data-block-id=\"dbe6036\"><h3 class=\"stk-block-heading__text\">4.2 Strafregisterbescheinigung<\/h3><\/div>\n\n\n\n<div class=\"wp-block-stackable-text stk-block-text stk-block stk-6bd773f\" data-block-id=\"6bd773f\"><p class=\"stk-block-text__text has-text-align-justify\">Neue Mitarbeitende m\u00fcssen eine Strafregisterbescheinigung sowie eine Strafregisterbescheinigung Kinder- und Jugendf\u00fcrsorge (jeweils maximal 3 Monate alt) vorweisen. Wobei es Kriterien f\u00fcr die Bewertung von Strafregisterausz\u00fcgen gibt und nicht automatisch jedes Vergehen ein Ausschlie\u00dfungsgrund ist. Denn ein wichtiger Bestandteil unserer Wissensvermittlung besteht darin, dass die Sch\u00fcler aus den Fehlern unserer Vortragenden lernen.<\/p><\/div>\n\n\n\n<div class=\"wp-block-stackable-heading stk-block-heading stk-block-heading--v2 stk-block stk-2a9287f anchorheading\" id=\"kriterien-fur-die-bewertung-von-strafregisterauszugen\" data-block-id=\"2a9287f\"><h4 class=\"stk-block-heading__text\">Kriterien f\u00fcr die Bewertung von Strafregisterausz\u00fcgen<\/h4><\/div>\n\n\n\n<div class=\"wp-block-stackable-icon-list stk-block-icon-list stk-block stk-43b5bfa\" data-block-id=\"43b5bfa\"><style>.stk-43b5bfa ul, .stk-43b5bfa ol{padding-left:5px !important;}.stk-43b5bfa .stk-block-icon-list-item__content{align-items:baseline !important;}.stk-43b5bfa ul .stk-block-icon-list-item__content .stk--inner-svg, .stk-43b5bfa ol .stk-block-icon-list-item__content .stk-block-icon-list-item__marker{transform:translateY(2px) !important;}<\/style><svg style=\"display:none\"><defs><g id=\"stk-icon-list__icon-svg-def-43b5bfa\"><svg xmlns=\"http:\/\/www.w3.org\/2000\/svg\" viewBox=\"0 0 512 512\"><path d=\"M470.6 278.6c12.5-12.5 12.5-32.8 0-45.3l-160-160c-12.5-12.5-32.8-12.5-45.3 0s-12.5 32.8 0 45.3L402.7 256 265.4 393.4c-12.5 12.5-12.5 32.8 0 45.3s32.8 12.5 45.3 0l160-160zm-352 160l160-160c12.5-12.5 12.5-32.8 0-45.3l-160-160c-12.5-12.5-32.8-12.5-45.3 0s-12.5 32.8 0 45.3L210.7 256 73.4 393.4c-12.5 12.5-12.5 32.8 0 45.3s32.8 12.5 45.3 0z\"\/><\/svg><\/g><\/defs><\/svg><ul class=\"stk-block-icon-list__ul stk-block-icon-list--column\">\n<li class=\"wp-block-stackable-icon-list-item stk-block-icon-list-item stk-block stk-418d6eb\" data-block-id=\"418d6eb\"><div class=\"stk-block-icon-list-item__content\"><span class=\"stk--svg-wrapper\"><div class=\"stk--inner-svg\"><svg aria-hidden=\"true\" width=\"32\" height=\"32\"><use xlink:href=\"#stk-icon-list__icon-svg-def-43b5bfa\"><\/use><\/svg><\/div><\/span><span class=\"stk-block-icon-list-item__text\"><strong>Vorgehensweise bei der Bewertung<\/strong><\/span><\/div><\/li>\n\n\n\n<li class=\"wp-block-stackable-icon-list-item stk-block-icon-list-item stk-block stk-f4d9b6e\" data-block-id=\"f4d9b6e\"><style>.stk-f4d9b6e {left:30px !important;}<\/style><div class=\"stk-block-icon-list-item__content\"><span class=\"stk--svg-wrapper\"><div class=\"stk--inner-svg\"><svg xmlns=\"http:\/\/www.w3.org\/2000\/svg\" viewBox=\"0 0 320 512\" aria-hidden=\"true\" width=\"32\" height=\"32\"><path d=\"M278.6 233.4c12.5 12.5 12.5 32.8 0 45.3l-160 160c-12.5 12.5-32.8 12.5-45.3 0s-12.5-32.8 0-45.3L210.7 256 73.4 118.6c-12.5-12.5-12.5-32.8 0-45.3s32.8-12.5 45.3 0l160 160z\"\/><\/svg><\/div><\/span><span class=\"stk-block-icon-list-item__text\">Einzelfallbewertung unter Ber\u00fccksichtigung der Stabilit\u00e4t und der Zeit, die seit dem Vergehen vergangen ist<\/span><\/div><\/li>\n\n\n\n<li class=\"wp-block-stackable-icon-list-item stk-block-icon-list-item stk-block stk-cf03237\" data-block-id=\"cf03237\"><style>.stk-cf03237 {left:30px !important;}<\/style><div class=\"stk-block-icon-list-item__content\"><span class=\"stk--svg-wrapper\"><div class=\"stk--inner-svg\"><svg xmlns=\"http:\/\/www.w3.org\/2000\/svg\" viewBox=\"0 0 320 512\" aria-hidden=\"true\" width=\"32\" height=\"32\"><path d=\"M278.6 233.4c12.5 12.5 12.5 32.8 0 45.3l-160 160c-12.5 12.5-32.8 12.5-45.3 0s-12.5-32.8 0-45.3L210.7 256 73.4 118.6c-12.5-12.5-12.5-32.8 0-45.3s32.8-12.5 45.3 0l160 160z\"\/><\/svg><\/div><\/span><span class=\"stk-block-icon-list-item__text\">Zus\u00e4tzliche Gespr\u00e4che und Referenzen bei Bedarf<\/span><\/div><\/li>\n\n\n\n<li class=\"wp-block-stackable-icon-list-item stk-block-icon-list-item stk-block stk-ef80d43\" data-block-id=\"ef80d43\"><style>.stk-ef80d43 {left:30px !important;}<\/style><div class=\"stk-block-icon-list-item__content\"><span class=\"stk--svg-wrapper\"><div class=\"stk--inner-svg\"><svg xmlns=\"http:\/\/www.w3.org\/2000\/svg\" viewBox=\"0 0 320 512\" aria-hidden=\"true\" width=\"32\" height=\"32\"><path d=\"M278.6 233.4c12.5 12.5 12.5 32.8 0 45.3l-160 160c-12.5 12.5-32.8 12.5-45.3 0s-12.5-32.8 0-45.3L210.7 256 73.4 118.6c-12.5-12.5-12.5-32.8 0-45.3s32.8-12.5 45.3 0l160 160z\"\/><\/svg><\/div><\/span><span class=\"stk-block-icon-list-item__text\">Einsch\u00e4tzung der aktuellen Stabilit\u00e4t des Bewerbers<\/span><\/div><\/li>\n\n\n\n<li class=\"wp-block-stackable-icon-list-item stk-block-icon-list-item stk-block stk-3582b3a\" data-block-id=\"3582b3a\"><div class=\"stk-block-icon-list-item__content\"><span class=\"stk--svg-wrapper\"><div class=\"stk--inner-svg\"><svg aria-hidden=\"true\" width=\"32\" height=\"32\"><use xlink:href=\"#stk-icon-list__icon-svg-def-43b5bfa\"><\/use><\/svg><\/div><\/span><span class=\"stk-block-icon-list-item__text\"><strong>Vergehen, die den Bewerber ausschlie\u00dfen<\/strong><\/span><\/div><\/li>\n\n\n\n<li class=\"wp-block-stackable-icon-list-item stk-block-icon-list-item stk-block stk-11c37f4\" data-block-id=\"11c37f4\"><style>.stk-11c37f4 {left:30px !important;}<\/style><div class=\"stk-block-icon-list-item__content\"><span class=\"stk--svg-wrapper\"><div class=\"stk--inner-svg\"><svg xmlns=\"http:\/\/www.w3.org\/2000\/svg\" viewBox=\"0 0 320 512\" aria-hidden=\"true\" width=\"32\" height=\"32\"><path d=\"M278.6 233.4c12.5 12.5 12.5 32.8 0 45.3l-160 160c-12.5 12.5-32.8 12.5-45.3 0s-12.5-32.8 0-45.3L210.7 256 73.4 118.6c-12.5-12.5-12.5-32.8 0-45.3s32.8-12.5 45.3 0l160 160z\"\/><\/svg><\/div><\/span><span class=\"stk-block-icon-list-item__text\">Gewaltverbrechen (z.B. K\u00f6rperverletzung, schwerer Raub, T\u00f6tungsdelikte)<\/span><\/div><\/li>\n\n\n\n<li class=\"wp-block-stackable-icon-list-item stk-block-icon-list-item stk-block stk-0655fab\" data-block-id=\"0655fab\"><style>.stk-0655fab {left:30px !important;}<\/style><div class=\"stk-block-icon-list-item__content\"><span class=\"stk--svg-wrapper\"><div class=\"stk--inner-svg\"><svg xmlns=\"http:\/\/www.w3.org\/2000\/svg\" viewBox=\"0 0 320 512\" aria-hidden=\"true\" width=\"32\" height=\"32\"><path d=\"M278.6 233.4c12.5 12.5 12.5 32.8 0 45.3l-160 160c-12.5 12.5-32.8 12.5-45.3 0s-12.5-32.8 0-45.3L210.7 256 73.4 118.6c-12.5-12.5-12.5-32.8 0-45.3s32.8-12.5 45.3 0l160 160z\"\/><\/svg><\/div><\/span><span class=\"stk-block-icon-list-item__text\">Sexuelle Straftaten (z.B. sexueller Missbrauch von Minderj\u00e4hrigen, Vergewaltigung)<\/span><\/div><\/li>\n\n\n\n<li class=\"wp-block-stackable-icon-list-item stk-block-icon-list-item stk-block stk-b41a83e\" data-block-id=\"b41a83e\"><style>.stk-b41a83e {left:30px !important;}<\/style><div class=\"stk-block-icon-list-item__content\"><span class=\"stk--svg-wrapper\"><div class=\"stk--inner-svg\"><svg xmlns=\"http:\/\/www.w3.org\/2000\/svg\" viewBox=\"0 0 320 512\" aria-hidden=\"true\" width=\"32\" height=\"32\"><path d=\"M278.6 233.4c12.5 12.5 12.5 32.8 0 45.3l-160 160c-12.5 12.5-32.8 12.5-45.3 0s-12.5-32.8 0-45.3L210.7 256 73.4 118.6c-12.5-12.5-12.5-32.8 0-45.3s32.8-12.5 45.3 0l160 160z\"\/><\/svg><\/div><\/span><span class=\"stk-block-icon-list-item__text\">Straftaten gegen die pers\u00f6nliche Freiheit (z.B. Menschenhandel, Entf\u00fchrung)<\/span><\/div><\/li>\n\n\n\n<li class=\"wp-block-stackable-icon-list-item stk-block-icon-list-item stk-block stk-07d8acc\" data-block-id=\"07d8acc\"><style>.stk-07d8acc {left:30px !important;}<\/style><div class=\"stk-block-icon-list-item__content\"><span class=\"stk--svg-wrapper\"><div class=\"stk--inner-svg\"><svg xmlns=\"http:\/\/www.w3.org\/2000\/svg\" viewBox=\"0 0 320 512\" aria-hidden=\"true\" width=\"32\" height=\"32\"><path d=\"M278.6 233.4c12.5 12.5 12.5 32.8 0 45.3l-160 160c-12.5 12.5-32.8 12.5-45.3 0s-12.5-32.8 0-45.3L210.7 256 73.4 118.6c-12.5-12.5-12.5-32.8 0-45.3s32.8-12.5 45.3 0l160 160z\"\/><\/svg><\/div><\/span><span class=\"stk-block-icon-list-item__text\">Betrugsdelikte (z.B. Betrug in gro\u00dfem Umfang, Veruntreuung)<\/span><\/div><\/li>\n\n\n\n<li class=\"wp-block-stackable-icon-list-item stk-block-icon-list-item stk-block stk-9330c4f\" data-block-id=\"9330c4f\"><style>.stk-9330c4f {left:30px !important;}<\/style><div class=\"stk-block-icon-list-item__content\"><span class=\"stk--svg-wrapper\"><div class=\"stk--inner-svg\"><svg xmlns=\"http:\/\/www.w3.org\/2000\/svg\" viewBox=\"0 0 320 512\" aria-hidden=\"true\" width=\"32\" height=\"32\"><path d=\"M278.6 233.4c12.5 12.5 12.5 32.8 0 45.3l-160 160c-12.5 12.5-32.8 12.5-45.3 0s-12.5-32.8 0-45.3L210.7 256 73.4 118.6c-12.5-12.5-12.5-32.8 0-45.3s32.8-12.5 45.3 0l160 160z\"\/><\/svg><\/div><\/span><span class=\"stk-block-icon-list-item__text\">H\u00e4usliche Gewalt<\/span><\/div><\/li>\n\n\n\n<li class=\"wp-block-stackable-icon-list-item stk-block-icon-list-item stk-block stk-c9486e4\" data-block-id=\"c9486e4\"><div class=\"stk-block-icon-list-item__content\"><span class=\"stk--svg-wrapper\"><div class=\"stk--inner-svg\"><svg aria-hidden=\"true\" width=\"32\" height=\"32\"><use xlink:href=\"#stk-icon-list__icon-svg-def-43b5bfa\"><\/use><\/svg><\/div><\/span><span class=\"stk-block-icon-list-item__text\"><strong>Vergehen, die kein Problem darstellen (unter bestimmten Bedingungen)<\/strong><\/span><\/div><\/li>\n\n\n\n<li class=\"wp-block-stackable-icon-list-item stk-block-icon-list-item stk-block stk-372a8a0\" data-block-id=\"372a8a0\"><style>.stk-372a8a0 {left:30px !important;}<\/style><div class=\"stk-block-icon-list-item__content\"><span class=\"stk--svg-wrapper\"><div class=\"stk--inner-svg\"><svg xmlns=\"http:\/\/www.w3.org\/2000\/svg\" viewBox=\"0 0 320 512\" aria-hidden=\"true\" width=\"32\" height=\"32\"><path d=\"M278.6 233.4c12.5 12.5 12.5 32.8 0 45.3l-160 160c-12.5 12.5-32.8 12.5-45.3 0s-12.5-32.8 0-45.3L210.7 256 73.4 118.6c-12.5-12.5-12.5-32.8 0-45.3s32.8-12.5 45.3 0l160 160z\"\/><\/svg><\/div><\/span><span class=\"stk-block-icon-list-item__text\">Drogenvergehen, sofern der Bewerber jetzt stabil ist<\/span><\/div><\/li>\n\n\n\n<li class=\"wp-block-stackable-icon-list-item stk-block-icon-list-item stk-block stk-6ca046a\" data-block-id=\"6ca046a\"><style>.stk-6ca046a {left:30px !important;}<\/style><div class=\"stk-block-icon-list-item__content\"><span class=\"stk--svg-wrapper\"><div class=\"stk--inner-svg\"><svg xmlns=\"http:\/\/www.w3.org\/2000\/svg\" viewBox=\"0 0 320 512\" aria-hidden=\"true\" width=\"32\" height=\"32\"><path d=\"M278.6 233.4c12.5 12.5 12.5 32.8 0 45.3l-160 160c-12.5 12.5-32.8 12.5-45.3 0s-12.5-32.8 0-45.3L210.7 256 73.4 118.6c-12.5-12.5-12.5-32.8 0-45.3s32.8-12.5 45.3 0l160 160z\"\/><\/svg><\/div><\/span><span class=\"stk-block-icon-list-item__text\">Kleinkriminalit\u00e4t, sofern nicht wiederholt und nicht in j\u00fcngster Vergangenheit<\/span><\/div><\/li>\n\n\n\n<li class=\"wp-block-stackable-icon-list-item stk-block-icon-list-item stk-block stk-542bdfc\" data-block-id=\"542bdfc\"><style>.stk-542bdfc {left:30px !important;}<\/style><div class=\"stk-block-icon-list-item__content\"><span class=\"stk--svg-wrapper\"><div class=\"stk--inner-svg\"><svg xmlns=\"http:\/\/www.w3.org\/2000\/svg\" viewBox=\"0 0 320 512\" aria-hidden=\"true\" width=\"32\" height=\"32\"><path d=\"M278.6 233.4c12.5 12.5 12.5 32.8 0 45.3l-160 160c-12.5 12.5-32.8 12.5-45.3 0s-12.5-32.8 0-45.3L210.7 256 73.4 118.6c-12.5-12.5-12.5-32.8 0-45.3s32.8-12.5 45.3 0l160 160z\"\/><\/svg><\/div><\/span><span class=\"stk-block-icon-list-item__text\">Verkehrsdelikte, sofern nicht schwerwiegend<\/span><\/div><\/li>\n<\/ul><\/div>\n\n\n\n<div class=\"wp-block-stackable-heading stk-block-heading stk-block-heading--v2 stk-block stk-2e13763 anchorheading\" id=\"4-3-verhaltenskodex\" data-block-id=\"2e13763\"><h3 class=\"stk-block-heading__text\">4.3 Verhaltenskodex<\/h3><\/div>\n\n\n\n<div class=\"wp-block-stackable-text stk-block-text stk-block stk-e821806\" data-block-id=\"e821806\"><style>@media screen and (max-width: 767px){.stk-e821806 {margin-bottom:24px !important;}}<\/style><p class=\"stk-block-text__text has-text-align-justify\">Alle Mitarbeitenden verpflichten sich zu diesem Kinderschutzkonzept und dessen Ma\u00dfnahmen. Sie unterzeichnen den Verhaltenskodex und verpflichten sich zur Einhaltung dieser Richtlinien, die respektvolles Verhalten und den Schutz der Privatsph\u00e4re der Jugendlichen sicherstellt.<br>[siehe <a href=\"#verhaltenskodex\">Verhaltenskodex<\/a> im Anhang]<\/p><\/div>\n\n\n\n<div class=\"wp-block-stackable-heading stk-block-heading stk-block-heading--v2 stk-block stk-3c7b762 anchorheading\" id=\"4-4-sensibilisierung-und-schulung\" data-block-id=\"3c7b762\"><h3 class=\"stk-block-heading__text\">4.4 Sensibilisierung und Schulung<\/h3><\/div>\n\n\n\n<div class=\"wp-block-stackable-text stk-block-text stk-block stk-b8966b9\" data-block-id=\"b8966b9\"><p class=\"stk-block-text__text has-text-align-justify\">Alle Mitarbeitenden durchlaufen ein E-Learning zum Thema Kinderschutz und werden von der Kinderschutzbeauftragten genau \u00fcber das aktuelle Kinderschutzkonzept informiert. Regelm\u00e4\u00dfige Reflexionsm\u00f6glichkeiten werden angeboten, um die Mitarbeitenden kontinuierlich zu sensibilisieren und fortzubilden.<\/p><\/div>\n\n\n\n<div class=\"wp-block-stackable-heading stk-block-heading stk-block-heading--v2 stk-block stk-be99866 anchorheading\" id=\"4-5-transparentes-fallmanagement\" data-block-id=\"be99866\"><h3 class=\"stk-block-heading__text\">4.5 Transparentes Fallmanagement<\/h3><\/div>\n\n\n\n<div class=\"wp-block-stackable-text stk-block-text stk-block stk-1e7acba\" data-block-id=\"1e7acba\"><p class=\"stk-block-text__text has-text-align-justify\">Ein standardisiertes Meldeformular f\u00fcr Verdachtsf\u00e4lle wird entwickelt und ist f\u00fcr alle Mitarbeiter zug\u00e4nglich. Verdachtsf\u00e4lle sind unverz\u00fcglich der Kinderschutzbeauftragten (Nadine) zu melden. Ein transparentes System f\u00fcr Bearbeitung und Anzeige von Verdachtsf\u00e4llen ist festgelegt.<br>[siehe <a href=\"#meldeformular\">Meldeformular f\u00fcr Verdachtsf\u00e4lle<\/a> im Anhang]<\/p><\/div>\n\n\n\n<div class=\"wp-block-stackable-heading stk-block-heading stk-block-heading--v2 stk-block stk-1e02ed2 anchorheading\" id=\"4-6-niederschwellige-beschwerde-melde-moglichkeit\" data-block-id=\"1e02ed2\"><h3 class=\"stk-block-heading__text\">4.6 Niederschwellige Beschwerde\/Melde-M\u00f6glichkeit<\/h3><\/div>\n\n\n\n<div class=\"wp-block-stackable-text stk-block-text stk-block stk-efed7ba\" data-block-id=\"efed7ba\"><p class=\"stk-block-text__text has-text-align-justify\">Es wird auf der Webseite des Unternehmens eine Feedbackm\u00f6glichkeit f\u00fcr anonyme R\u00fcckmeldungen eingerichtet. Die Dankesmails an Neukunden werden zus\u00e4tzlich zur Bitte um Bewertungen einen Hinweis zur M\u00f6glichkeit des anonymen Feedbacks. Au\u00dferdem werden die Teilnehmer am Ende von Tour\/Vortrag zuk\u00fcnftig darauf hingewiesen.<br>[siehe <a href=\"https:\/\/wienernimmerland.at\/feedback\" target=\"_blank\" rel=\"noreferrer noopener\">Feedback<\/a> Funktion]<\/p><\/div>\n\n\n\n<div class=\"wp-block-stackable-heading stk-block-heading stk-block-heading--v2 stk-block stk-f139c4e anchorheading\" id=\"4-7-richtlinien-fur-offentlichkeits-und-medienarbeit\" data-block-id=\"f139c4e\"><h3 class=\"stk-block-heading__text\">4.7 Richtlinien f\u00fcr \u00d6ffentlichkeits- und Medienarbeit<\/h3><\/div>\n\n\n\n<div class=\"wp-block-stackable-text stk-block-text stk-block stk-f28f154\" data-block-id=\"f28f154\"><p class=\"stk-block-text__text has-text-align-justify\">Vor der Erstellung von Medieninhalten sind die betreffenden Teilnehmer, und ihre Obsorgeberechtigten wenn j\u00fcnger als 14 Jahre, von Unternehmen zu informieren und ihre schriftliche Zustimmung einzuholen. Fotos und Videos werden nur mit Zustimmung der Betroffenen erstellt und verwendet. Alle Medieninhalte beruhen auf den Werten von Respekt und Gleichheit und wahren die W\u00fcrde der dargestellten Person. <br>[siehe <a href=\"https:\/\/wienernimmerland.at\/datenschutz\/#medienberichterstattung-und-erstellung-von-medieninhalten\" target=\"_blank\" rel=\"noreferrer noopener\">Vorgangsweise zur Medienberichtserstattung<\/a> in den Datenschutzbestimmungen]<\/p><\/div>\n\n\n\n<div class=\"wp-block-stackable-heading stk-block-heading stk-block-heading--v2 stk-block stk-6744420 anchorheading\" id=\"4-8-benennung-einer-kinderschutzbeauftragten\" data-block-id=\"6744420\"><h3 class=\"stk-block-heading__text\">4.8 Benennung einer Kinderschutzbeauftragten<\/h3><\/div>\n\n\n\n<div class=\"wp-block-stackable-text stk-block-text stk-block stk-9979667\" data-block-id=\"9979667\"><p class=\"stk-block-text__text has-text-align-justify\">Nadine ist die Kinderschutzbeauftragte des Unternehmens und Ansprechperson f\u00fcr alle Fragen und Meldungen zum Kinderschutz. Sie ist unter anderem zust\u00e4ndig f\u00fcr die Erarbeitung, die \u00dcberarbeitung und die Umsetzung des Schutzkonzepts, die Durchf\u00fchrung von Monitoring und Evaluierung und f\u00fcr event. Fortbildungen zu Kinderschutz.<br>[siehe <a href=\"#kinderschutzbeauftragte\">Informationen zur Kinderschutzbeauftragten<\/a>]<\/p><\/div>\n\n\n\n<div class=\"wp-block-stackable-heading stk-block-heading stk-block-heading--v2 stk-block stk-4c8f27f anchorheading\" id=\"5-fallmanagement-system-meldung-anzeige-und-verfolgung-von-verdachtsfallen\" data-block-id=\"4c8f27f\"><h2 class=\"stk-block-heading__text\">5. Fallmanagement-System Meldung, Anzeige und Verfolgung von Verdachtsf\u00e4llen<\/h2><\/div>\n\n\n\n<div class=\"wp-block-stackable-text stk-block-text stk-block stk-2f1ddd7\" data-block-id=\"2f1ddd7\"><p class=\"stk-block-text__text has-text-align-justify\">Ein klar strukturiertes System f\u00fcr die Meldung und Bearbeitung von Verdachtsf\u00e4llen stellt sicher, dass alle Vorf\u00e4lle schnell und angemessen behandelt werden. Die Meldekette ist klar festgelegt, und es gibt ein standardisiertes Meldeformular. Die erste Anlaufstelle ist die Kinderschutzbeauftragte, die sofort nach Erhalt einer Meldung eine \u00dcberpr\u00fcfung und erste Abkl\u00e4rungen durchf\u00fchrt. Sie ermittelt, ob der Verdacht begr\u00fcndet ist und entscheidet in Absprache mit dem Inhaber \u00fcber die weiteren Schritte. Die betroffenen Personen werden umfassend \u00fcber das Vorgehen informiert.<\/p><\/div>\n\n\n\n<div class=\"wp-block-stackable-text stk-block-text stk-block stk-bb944cc\" data-block-id=\"bb944cc\"><p class=\"stk-block-text__text has-text-align-justify\">Neue Mitarbeitende m\u00fcssen eine Strafregisterbescheinigung sowie eine Strafregisterbescheinigung Kinder- und Jugendf\u00fcrsorge (jeweils maximal 3 Monate alt) vorweisen. Wobei es Kriterien f\u00fcr die Bewertung von Strafregisterausz\u00fcgen gibt und nicht automatisch jedes Vergehen ein Ausschlie\u00dfungsgrund ist (siehe Pr\u00fcfschema im Anhang). Denn ein wichtiger Bestandteil unserer Wissensvermittlung besteht darin, dass die Sch\u00fcler aus den Fehlern unserer Vortragenden lernen.<\/p><\/div>\n\n\n\n<div class=\"wp-block-stackable-text stk-block-text stk-block stk-3e73bf3\" data-block-id=\"3e73bf3\"><p class=\"stk-block-text__text has-text-align-justify\">Neue Mitarbeitende m\u00fcssen eine Strafregisterbescheinigung sowie eine Strafregisterbescheinigung Kinder- und Jugendf\u00fcrsorge (jeweils maximal 3 Monate alt) vorweisen. Wobei es Kriterien f\u00fcr die Bewertung von Strafregisterausz\u00fcgen gibt und nicht automatisch jedes Vergehen ein Ausschlie\u00dfungsgrund ist (siehe Pr\u00fcfschema im Anhang). Denn ein wichtiger Bestandteil unserer Wissensvermittlung besteht darin, dass die Sch\u00fcler aus den Fehlern unserer Vortragenden lernen.<\/p><\/div>\n\n\n\n<div class=\"wp-block-stackable-text stk-block-text stk-block stk-ab5a07e\" data-block-id=\"ab5a07e\"><p class=\"stk-block-text__text has-text-align-justify\">Die Meldepflicht bei Verdacht auf Kindeswohlgef\u00e4hrdung wird strikt eingehalten.<\/p><\/div>\n\n\n\n<div class=\"wp-block-stackable-heading stk-block-heading stk-block-heading--v2 stk-block stk-a04e246 anchorheading\" id=\"6-dokumentation-amp-monitoring\" data-block-id=\"a04e246\"><h2 class=\"stk-block-heading__text\">6. Dokumentation &amp; Monitoring<\/h2><\/div>\n\n\n\n<div class=\"wp-block-stackable-text stk-block-text stk-block stk-ca75050\" data-block-id=\"ca75050\"><p class=\"stk-block-text__text has-text-align-justify\">Alle Interventionen und Pr\u00e4ventionsma\u00dfnahmen werden dokumentiert.<br>Es gibt am Jahresende eine j\u00e4hrliche \u00dcberpr\u00fcfung der umgesetzten Ma\u00dfnahmen, eine Analyse der &#8222;Lessons Learnt&#8220; und Erstellung eines Ma\u00dfnahmenplans f\u00fcr das Folgejahr. <\/p><\/div>\n\n\n\n<div class=\"wp-block-stackable-heading stk-block-heading stk-block-heading--v2 stk-block stk-765d769 anchorheading\" id=\"7-evaluierung\" data-block-id=\"765d769\"><h2 class=\"stk-block-heading__text\">7. Evaluierung<\/h2><\/div>\n\n\n\n<div class=\"wp-block-stackable-text stk-block-text stk-block stk-c605fe1\" data-block-id=\"c605fe1\"><p class=\"stk-block-text__text has-text-align-justify\">Die Evaluierungen finden im Team mit allen Mitarbeitern inklusive Inhaber statt. Die erste Evaluierung erfolgt nach einem Jahr im August 2025. Weitere Evaluierungen sind alle zwei Jahre festgesetzt. Diese Evaluationen dienen dazu, die Wirksamkeit der Ma\u00dfnahmen zu \u00fcberpr\u00fcfen und das Konzept kontinuierlich zu verbessern.<br>Kleine \u00c4nderungen &amp; Anpassungen: M\u00e4rz 2025<\/p><\/div>\n\n\n\n<div class=\"wp-block-stackable-heading stk-block-heading stk-block-heading--v2 stk-block stk-dbb2897 anchorheading\" id=\"8-entwicklung-amp-bekanntmachung\" data-block-id=\"dbb2897\"><h2 class=\"stk-block-heading__text\">8. Entwicklung &amp; Bekanntmachung<\/h2><\/div>\n\n\n\n<div class=\"wp-block-stackable-text stk-block-text stk-block stk-89be52c\" data-block-id=\"89be52c\"><p class=\"stk-block-text__text has-text-align-justify\">Im Juli 2024 wird das Konzept gemeinsam im Team entwickelt, um sicherzustellen, dass alle von Beginn an einbezogen und \u00fcber die erarbeiteten Richtlinien, die geltenden Verantwortlichkeiten und die Meldekette gut informiert sind.<\/p><\/div>\n\n\n\n<div class=\"wp-block-stackable-text stk-block-text stk-block stk-de12c22\" data-block-id=\"de12c22\"><p class=\"stk-block-text__text has-text-align-justify\">Unser Kinderschutzkonzept wird intern und extern \u00fcber verschiedene Kommunikationskan\u00e4le bekannt gemacht.<\/p><\/div>\n\n\n\n<div class=\"wp-block-stackable-text stk-block-text stk-block stk-ad190c3\" data-block-id=\"ad190c3\"><p class=\"stk-block-text__text\">        <strong>Intern<\/strong>: Schulung, Bewerbungsgespr\u00e4ch, Besprechungen<br>        <strong>Extern<\/strong>: Website<\/p><\/div>\n\n\n\n<div class=\"wp-block-stackable-heading stk-block-heading stk-block-heading--v2 stk-block stk-a61a244 anchorheading\" id=\"9-kinderschutzbeauftragte\" data-block-id=\"a61a244\"><style>.stk-a61a244 {margin-bottom:24px !important;}<\/style><h2 class=\"stk-block-heading__text\">9. Kinderschutzbeauftragte<\/h2><\/div>\n\n\n\n<div class=\"wp-block-stackable-icon-list stk-block-icon-list stk-block stk-36802ad\" data-block-id=\"36802ad\"><style>.stk-36802ad .stk-block-icon-list-item__content{gap:12px !important;margin-inline:0 auto !important;}.stk-36802ad ul, .stk-36802ad ol{padding-left:36px !important;}.stk-36802ad {--stk-icon-list-icon-size:18px !important;}<\/style><svg style=\"display:none\"><defs><g id=\"stk-icon-list__icon-svg-def-36802ad\"><svg xmlns=\"http:\/\/www.w3.org\/2000\/svg\" viewBox=\"0 0 576 512\"><path d=\"M64 32C28.7 32 0 60.7 0 96V416c0 35.3 28.7 64 64 64H512c35.3 0 64-28.7 64-64V96c0-35.3-28.7-64-64-64H64zm80 256h64c44.2 0 80 35.8 80 80c0 8.8-7.2 16-16 16H80c-8.8 0-16-7.2-16-16c0-44.2 35.8-80 80-80zm-32-96a64 64 0 1 1 128 0 64 64 0 1 1 -128 0zm256-32H496c8.8 0 16 7.2 16 16s-7.2 16-16 16H368c-8.8 0-16-7.2-16-16s7.2-16 16-16zm0 64H496c8.8 0 16 7.2 16 16s-7.2 16-16 16H368c-8.8 0-16-7.2-16-16s7.2-16 16-16zm0 64H496c8.8 0 16 7.2 16 16s-7.2 16-16 16H368c-8.8 0-16-7.2-16-16s7.2-16 16-16z\"\/><\/svg><\/g><\/defs><\/svg><ul class=\"stk-block-icon-list__ul stk-block-icon-list--column\">\n<li class=\"wp-block-stackable-icon-list-item stk-block-icon-list-item stk-block stk-961d368\" data-block-id=\"961d368\"><div class=\"stk-block-icon-list-item__content\"><span class=\"stk--svg-wrapper\"><div class=\"stk--inner-svg\"><svg xmlns=\"http:\/\/www.w3.org\/2000\/svg\" viewBox=\"0 0 512 512\" aria-hidden=\"true\" width=\"32\" height=\"32\"><path d=\"M256 512A256 256 0 1 0 256 0a256 256 0 1 0 0 512zM216 336h24V272H216c-13.3 0-24-10.7-24-24s10.7-24 24-24h48c13.3 0 24 10.7 24 24v88h8c13.3 0 24 10.7 24 24s-10.7 24-24 24H216c-13.3 0-24-10.7-24-24s10.7-24 24-24zm40-208a32 32 0 1 1 0 64 32 32 0 1 1 0-64z\"\/><\/svg><\/div><\/span><span class=\"stk-block-icon-list-item__text\">Nadine Liebl<\/span><\/div><\/li>\n\n\n\n<li class=\"wp-block-stackable-icon-list-item stk-block-icon-list-item stk-block stk-2a94743\" data-block-id=\"2a94743\"><div class=\"stk-block-icon-list-item__content\"><span class=\"stk--svg-wrapper\"><div class=\"stk--inner-svg\"><svg xmlns=\"http:\/\/www.w3.org\/2000\/svg\" viewBox=\"0 0 512 512\" aria-hidden=\"true\" width=\"32\" height=\"32\"><path d=\"M256 64C150 64 64 150 64 256s86 192 192 192c17.7 0 32 14.3 32 32s-14.3 32-32 32C114.6 512 0 397.4 0 256S114.6 0 256 0S512 114.6 512 256v32c0 53-43 96-96 96c-29.3 0-55.6-13.2-73.2-33.9C320 371.1 289.5 384 256 384c-70.7 0-128-57.3-128-128s57.3-128 128-128c27.9 0 53.7 8.9 74.7 24.1c5.7-5 13.1-8.1 21.3-8.1c17.7 0 32 14.3 32 32v80 32c0 17.7 14.3 32 32 32s32-14.3 32-32V256c0-106-86-192-192-192zm64 192a64 64 0 1 0 -128 0 64 64 0 1 0 128 0z\"\/><\/svg><\/div><\/span><span class=\"stk-block-icon-list-item__text\"><a href=\"mailto:kontakt@wienernimmerland.at\" target=\"_blank\" rel=\"noreferrer noopener\">kontakt@wienernimmerland.at<\/a><\/span><\/div><\/li>\n\n\n\n<li class=\"wp-block-stackable-icon-list-item stk-block-icon-list-item stk-block stk-6f10ae7\" data-block-id=\"6f10ae7\"><div class=\"stk-block-icon-list-item__content\"><span class=\"stk--svg-wrapper\"><div class=\"stk--inner-svg\"><svg xmlns=\"http:\/\/www.w3.org\/2000\/svg\" viewBox=\"0 0 512 512\" aria-hidden=\"true\" width=\"32\" height=\"32\"><path d=\"M164.9 24.6c-7.7-18.6-28-28.5-47.4-23.2l-88 24C12.1 30.2 0 46 0 64C0 311.4 200.6 512 448 512c18 0 33.8-12.1 38.6-29.5l24-88c5.3-19.4-4.6-39.7-23.2-47.4l-96-40c-16.3-6.8-35.2-2.1-46.3 11.6L304.7 368C234.3 334.7 177.3 277.7 144 207.3L193.3 167c13.7-11.2 18.4-30 11.6-46.3l-40-96z\"\/><\/svg><\/div><\/span><span class=\"stk-block-icon-list-item__text\"><a href=\"tel:00436707011176\">06707011176<\/a><\/span><\/div><\/li>\n<\/ul><\/div>\n\n\n\n<div class=\"wp-block-stackable-heading stk-block-heading stk-block-heading--v2 stk-block stk-51f5e6d anchorheading\" id=\"anhang\" data-block-id=\"51f5e6d\"><h2 class=\"stk-block-heading__text\">Anhang<\/h2><\/div>\n\n\n\n<div class=\"wp-block-stackable-icon-list stk-block-icon-list stk-block stk-7b679e1\" data-block-id=\"7b679e1\"><style>.stk-7b679e1 .stk-block-icon-list-item__content{gap:12px !important;align-items:baseline !important;}.stk-7b679e1 {--stk-icon-list-row-gap:8px !important;margin-bottom:96px !important;}.stk-7b679e1 ul, .stk-7b679e1 ol{padding-left:10px !important;}.stk-7b679e1 ul .stk-block-icon-list-item__content .stk--inner-svg, .stk-7b679e1 ol .stk-block-icon-list-item__content .stk-block-icon-list-item__marker{transform:translateY(2px) !important;}.stk-7b679e1 .wp-block-stackable-icon-list-item:not(:nth-last-child(-n + 1))::after{border-width:2px !important;}<\/style><svg style=\"display:none\"><defs><g id=\"stk-icon-list__icon-svg-def-7b679e1\"><svg xmlns=\"http:\/\/www.w3.org\/2000\/svg\" viewBox=\"0 0 448 512\"><path d=\"M364.2 83.8c-24.4-24.4-64-24.4-88.4 0l-184 184c-42.1 42.1-42.1 110.3 0 152.4s110.3 42.1 152.4 0l152-152c10.9-10.9 28.7-10.9 39.6 0s10.9 28.7 0 39.6l-152 152c-64 64-167.6 64-231.6 0s-64-167.6 0-231.6l184-184c46.3-46.3 121.3-46.3 167.6 0s46.3 121.3 0 167.6l-176 176c-28.6 28.6-75 28.6-103.6 0s-28.6-75 0-103.6l144-144c10.9-10.9 28.7-10.9 39.6 0s10.9 28.7 0 39.6l-144 144c-6.7 6.7-6.7 17.7 0 24.4s17.7 6.7 24.4 0l176-176c24.4-24.4 24.4-64 0-88.4z\"\/><\/svg><\/g><\/defs><\/svg><ul class=\"stk-block-icon-list__ul stk-block-icon-list--column\">\n<li class=\"wp-block-stackable-icon-list-item stk-block-icon-list-item stk-block stk-98706a2 anchorheading\" id=\"verhaltenskodex\" data-block-id=\"98706a2\"><div class=\"stk-block-icon-list-item__content\"><span class=\"stk--svg-wrapper\"><div class=\"stk--inner-svg\"><svg aria-hidden=\"true\" width=\"32\" height=\"32\"><use xlink:href=\"#stk-icon-list__icon-svg-def-7b679e1\"><\/use><\/svg><\/div><\/span><span class=\"stk-block-icon-list-item__text\"><a href=\"\/verhaltenskodex\" target=\"_blank\" rel=\"noreferrer noopener\">Verhaltenskodex\/Verhaltensrichtlinien online<\/a> oder als <a href=\"https:\/\/wienernimmerland.at\/wp-content\/uploads\/2024\/12\/WNL-Verhaltenskodex.pdf\" target=\"_blank\" rel=\"noreferrer noopener\">PDF<\/a><\/span><\/div><\/li>\n\n\n\n<li class=\"wp-block-stackable-icon-list-item stk-block-icon-list-item stk-block stk-be872bb anchorheading\" id=\"meldeformular\" data-block-id=\"be872bb\"><div class=\"stk-block-icon-list-item__content\"><span class=\"stk--svg-wrapper\"><div class=\"stk--inner-svg\"><svg aria-hidden=\"true\" width=\"32\" height=\"32\"><use xlink:href=\"#stk-icon-list__icon-svg-def-7b679e1\"><\/use><\/svg><\/div><\/span><span class=\"stk-block-icon-list-item__text\"><a href=\"https:\/\/wienernimmerland.at\/wp-content\/uploads\/2024\/12\/WNL-Meldeformular_fuer_Verdachtsfaelle.pdf\" target=\"_blank\" rel=\"noreferrer noopener\">Meldeformular f\u00fcr Verdachtsf\u00e4lle<\/a> und Beschwerden <\/span><\/div><\/li>\n\n\n\n<li class=\"wp-block-stackable-icon-list-item stk-block-icon-list-item stk-block stk-d11ee68 anchorheading\" id=\"vorgangsweise-Medienberichtserstattung\" data-block-id=\"d11ee68\"><div class=\"stk-block-icon-list-item__content\"><span class=\"stk--svg-wrapper\"><div class=\"stk--inner-svg\"><svg aria-hidden=\"true\" width=\"32\" height=\"32\"><use xlink:href=\"#stk-icon-list__icon-svg-def-7b679e1\"><\/use><\/svg><\/div><\/span><span class=\"stk-block-icon-list-item__text\"><a href=\"https:\/\/wienernimmerland.at\/datenschutz\/#medienberichterstattung-und-erstellung-von-medieninhalten\" target=\"_blank\" rel=\"noreferrer noopener\">Vorgangsweise bei Medienberichtserstattungen<\/a> steht als Unterpunkt in unseren Datenschutzbestimmungen<\/span><\/div><\/li>\n\n\n\n<li class=\"wp-block-stackable-icon-list-item stk-block-icon-list-item stk-block stk-f807edd anchorheading\" id=\"anonymes-feeedback\" data-block-id=\"f807edd\"><div class=\"stk-block-icon-list-item__content\"><span class=\"stk--svg-wrapper\"><div class=\"stk--inner-svg\"><svg aria-hidden=\"true\" width=\"32\" height=\"32\"><use xlink:href=\"#stk-icon-list__icon-svg-def-7b679e1\"><\/use><\/svg><\/div><\/span><span class=\"stk-block-icon-list-item__text\"><a href=\"https:\/\/wienernimmerland.at\/?page_id=11130\" data-type=\"page\" data-id=\"11130\" target=\"_blank\" rel=\"noreferrer noopener\">Anonyme Feedback Funktion<\/a><\/span><\/div><\/li>\n\n\n\n<li class=\"wp-block-stackable-icon-list-item stk-block-icon-list-item stk-block stk-e5d656b anchorheading\" id=\"kinderschutzkonzept-pdf\" data-block-id=\"e5d656b\"><div class=\"stk-block-icon-list-item__content\"><span class=\"stk--svg-wrapper\"><div class=\"stk--inner-svg\"><svg aria-hidden=\"true\" width=\"32\" height=\"32\"><use xlink:href=\"#stk-icon-list__icon-svg-def-7b679e1\"><\/use><\/svg><\/div><\/span><span class=\"stk-block-icon-list-item__text\"><a href=\"https:\/\/wienernimmerland.at\/wp-content\/uploads\/2025\/03\/WNL-Kinderschutzkonzept25.pdf\" target=\"_blank\" rel=\"noreferrer noopener\">Kinderschutzkonzept als PDF<\/a><\/span><\/div><\/li>\n<\/ul><\/div>\n\n\n\n<div class=\"wp-block-stackable-heading stk-block-heading stk-block-heading--v2 stk-block stk-3396e23\" id=\"grundlagendokumente-fur-die-erstellung-des-konzepts\" data-block-id=\"3396e23\"><style>.stk-3396e23 .stk-block-heading__top-line{height:2px !important;width:100% !important;background-color:var(--contrast-2) !important;margin-bottom:24px !important;}<\/style><div class=\"stk-block-heading__top-line\"><\/div><h3 class=\"stk-block-heading__text\">Grundlagendokumente f\u00fcr die Erstellung des Konzepts<\/h3><\/div>\n\n\n\n<div class=\"wp-block-stackable-text stk-block-text stk-block stk-95e24d0\" data-block-id=\"95e24d0\"><p class=\"stk-block-text__text has-text-align-justify\">Folgende Dokumente dienten als Grundlage zur Entwicklung eines eigenen Schutzkonzepts, inklusive Risikoanalyse, Verhaltenskodex, Meldeformular und Pr\u00e4ventionsma\u00dfnahmen, die speziell auf Wiener Nimmerland zugeschnitten sind. Diese Dokumente wurden lediglich als Basis verwendet und keine Textpassagen wurden kopiert. Sie dienten als Ausgangspunkt zur Aneignung des notwendigen Grundwissens und zur Erstellung eines individuellen Konzepts.<\/p><\/div>\n\n\n\n<div class=\"wp-block-stackable-text stk-block-text stk-block stk-1ed66a7\" data-block-id=\"1ed66a7\"><style>.stk-1ed66a7 {margin-bottom:11px !important;margin-left:5px !important;}.stk-1ed66a7 .stk-block-text__text{line-height:1.2em !important;}<\/style><p class=\"stk-block-text__text\"><a href=\"https:\/\/www.kijunemo.at\/fileadmin\/ARCHIV\/user_upload\/Schutzkonzepte.pdf\" target=\"_blank\" rel=\"noreferrer noopener\">Allgemeiner Aufbau vom Kinderschutzkonzept von den \u00f6sterreichischen Kinderschutzzentren<\/a><br><br><a href=\"https:\/\/www.bundeskanzleramt.gv.at\/dam\/jcr:9fcb68d9-63bb-41b8-8595-c56a5041b02d\/leitfaden_kinderschutzkonzept_nb.pdf\" target=\"_blank\" rel=\"noreferrer noopener\">Leitfaden Kinderschutzkonzept vom Bundeskanzleramt<\/a><br><br><a href=\"http:\/\/www.allianz-kinderschutz.at\/wp-content\/uploads\/2024\/03\/Standards_Allianz_Kinderschutz_Schutzkonzepte_V1_092023.pdf\" target=\"_blank\" rel=\"noreferrer noopener\">\u00d6sterreichische Standards f\u00fcr Kinderschutzkonzepte der Allianz f\u00fcr Kinderschutz<\/a><br><br><a href=\"https:\/\/www.wien.gv.at\/bildung\/kindergarten\/kindertagesbetreuung\/pdf\/lf-kinderschutzkonzept.pdf\" target=\"_blank\" rel=\"noreferrer noopener\">Wiener Leitfaden zum Kinderschutzkonzept<\/a><br><br><a href=\"https:\/\/www.boja.at\/sites\/default\/files\/downloads\/2023-04\/bOJA%20Schutzkonzept_1.3.2023.pdf\">Boja-Schutzkonzept<\/a><br><br><a href=\"https:\/\/www.wienxtra.at\/wienxtra-kinderschutzrichtlinie\/\" target=\"_blank\" rel=\"noreferrer noopener\">Wienxtra Kinderschutzrichtlinie<\/a><br><br><a href=\"https:\/\/billrothgymnasium.at\/images\/pdf\/919036_Kinder_Jugendschutzkonzept_Praeventionskonzept_2.pdf\">Pr\u00e4ventionskonzept &#8211; Kinder- und Jugendschutzkonzept des GRG19 Billrothgymnasium<\/a><br><br><a href=\"https:\/\/www.boja.at\/sites\/default\/files\/downloads\/2021-04\/DINA4_Download_bOJA_15a_Self-Assessment%20Tool.pdf\">Self-Assesment-Tool von Boja<\/a><br><br><a href=\"https:\/\/www.wienxtra.at\/fileadmin\/web\/oea\/Bilder\/Kinderrechte\/VORGANGSWEISE_IM_VERDACHSTFALL.pdf\" target=\"_blank\" rel=\"noreferrer noopener\">Wienxtra Vorgangsweise im Verdachtsfall<\/a><br><br><a href=\"https:\/\/www.boja.at\/sites\/default\/files\/downloads\/2021-04\/DINA4_Download_bOJA_5_Empfehlungen%20Medienberichterstattung.pdf\">Empfehlungen f\u00fcr Medienberichtserstattungen \u00fcber Kinder von Boja<\/a><br><br>&nbsp;<br>Von der Informationsseite f\u00fcr Organisationen, der <a href=\"https:\/\/schutzkonzepte.at\/\">Plattform Kinderschutzkonzepte<\/a>:<\/p><\/div>\n\n\n\n<div class=\"wp-block-stackable-text stk-block-text stk-block stk-33cac29\" data-block-id=\"33cac29\"><style>.stk-33cac29 {padding-left:50px !important;}.stk-33cac29 .stk-block-text__text{line-height:1.2em !important;}<\/style><p class=\"stk-block-text__text\"><a href=\"https:\/\/www.schutzkonzepte.at\/um-download\/2133\/dokument1_27_28_30_31\/84\/bef39e967e?t=1722423400\" target=\"_blank\" rel=\"noreferrer noopener\">EasyDays Verhaltenskodex<\/a><br><br><a href=\"https:\/\/www.schutzkonzepte.at\/Plattform\/wp-content\/uploads\/2022\/02\/Risikoanalyse-Fragen_ECPAT.pdf\" target=\"_blank\" rel=\"noreferrer noopener\">Risikoanalyse von ECPAT<\/a> <br><br><a href=\"https:\/\/www.schutzkonzepte.at\/Plattform\/wp-content\/uploads\/2020\/11\/Risikoanalyse_Einzelfragen.pdf\">Risikoanalyse &#8211; \u00dcberlegungen und Fragestellungen von ECPAT und den \u00f6sterreichischen Kinderschutzzentren<\/a><br><br><a href=\"https:\/\/www.schutzkonzepte.at\/Plattform\/wp-content\/uploads\/2020\/11\/Self-Audit-Tool.pdf\" target=\"_blank\" rel=\"noreferrer noopener\">Self-Audit Tool von ECPAT und den \u00f6sterreichischen Kinderschutzzentren<\/a>&nbsp; <br><br><a href=\"https:\/\/www.schutzkonzepte.at\/Plattform\/wp-content\/uploads\/2021\/07\/Checkliste-Monitoring-und-Evaluation.docx\">Checkliste f\u00fcr Monitoring und Evaluation von ECPAT und den \u00f6sterreichischen Kinderschutzzentren<\/a><br><br><a href=\"https:\/\/www.schutzkonzepte.at\/Plattform\/wp-content\/uploads\/2020\/11\/Meldeformular.pdf\">Allgemeines Melde-Formular an die Kinder und Jugendhilfe<br>bei Verdacht der Kindeswohlgef\u00e4hrdung<\/a><\/p><\/div>\n<\/div><\/div><\/div>\n<\/div><\/div>\n","protected":false},"excerpt":{"rendered":"<p>Wiener Nimmerland&#039;s Child Protection Concept 1. Introduction 1.1 Definition of violence against children and young people 1.2 Legal framework 2. Company definition 2.1 Services offered 2.2 Target group 3. Risk analysis 3.1 Interactions and potential risks 3.2 Facilities and infrastructure 4. Prevention measures 4.1 Recruitment criteria and process for new employees 4.2 Criminal record check 4.3 Code of conduct 4.4 Awareness and training 4.5 Transparent case management \u2026 <a title=\"child protection concept\" class=\"read-more\" href=\"https:\/\/wienernimmerland.at\/en\/kinderschutzkonzept\/\" aria-label=\"Read more about child protection concept\">read more<\/a><\/p>","protected":false},"author":1,"featured_media":0,"parent":0,"menu_order":0,"comment_status":"closed","ping_status":"closed","template":"","meta":{"footnotes":""},"class_list":["post-11102","page","type-page","status-publish"],"_links":{"self":[{"href":"https:\/\/wienernimmerland.at\/en\/wp-json\/wp\/v2\/pages\/11102","targetHints":{"allow":["GET"]}}],"collection":[{"href":"https:\/\/wienernimmerland.at\/en\/wp-json\/wp\/v2\/pages"}],"about":[{"href":"https:\/\/wienernimmerland.at\/en\/wp-json\/wp\/v2\/types\/page"}],"author":[{"embeddable":true,"href":"https:\/\/wienernimmerland.at\/en\/wp-json\/wp\/v2\/users\/1"}],"replies":[{"embeddable":true,"href":"https:\/\/wienernimmerland.at\/en\/wp-json\/wp\/v2\/comments?post=11102"}],"version-history":[{"count":19,"href":"https:\/\/wienernimmerland.at\/en\/wp-json\/wp\/v2\/pages\/11102\/revisions"}],"predecessor-version":[{"id":19503,"href":"https:\/\/wienernimmerland.at\/en\/wp-json\/wp\/v2\/pages\/11102\/revisions\/19503"}],"wp:attachment":[{"href":"https:\/\/wienernimmerland.at\/en\/wp-json\/wp\/v2\/media?parent=11102"}],"curies":[{"name":"wp","href":"https:\/\/api.w.org\/{rel}","templated":true}]}}